{"id":9800,"date":"2025-02-14T09:59:02","date_gmt":"2025-02-14T08:59:02","guid":{"rendered":"https:\/\/ecolit.cologne\/publications-ecocritical-literacy\/"},"modified":"2025-02-28T11:37:06","modified_gmt":"2025-02-28T10:37:06","slug":"publications-ecocritical-literacy","status":"publish","type":"page","link":"https:\/\/ecolit.cologne\/en\/publications-ecocritical-literacy\/","title":{"rendered":"Publications Ecocritical Literacy"},"content":{"rendered":"\t\t<div data-elementor-type=\"wp-page\" data-elementor-id=\"9800\" class=\"elementor elementor-9800 elementor-9793\" data-elementor-post-type=\"page\">\n\t\t\t\t<div class=\"elementor-element elementor-element-7570bf1 e-flex e-con-boxed qodef-elementor-content-no e-con e-parent\" data-id=\"7570bf1\" data-element_type=\"container\" data-e-type=\"container\">\n\t\t\t\t\t<div class=\"e-con-inner\">\n\t\t<div class=\"elementor-element elementor-element-22002b3 e-con-full e-flex qodef-elementor-content-no e-con e-child\" data-id=\"22002b3\" data-element_type=\"container\" data-e-type=\"container\">\n\t\t\t\t<div class=\"elementor-element elementor-element-db65731 elementor-widget elementor-widget-qi_addons_for_elementor_animated_text\" data-id=\"db65731\" data-element_type=\"widget\" data-e-type=\"widget\" data-widget_type=\"qi_addons_for_elementor_animated_text.default\">\n\t\t\t\t<div class=\"elementor-widget-container\">\n\t\t\t\t\t<div class=\"qodef-shortcode qodef-m qodef-qi-animated-text qodef--animated-by-letter qodef--alignment-center qodef-qi--has-appear qodef--appear-from-top\" >\n\t\t<h1 class=\"qodef-m-title\">\n\t\t<span class=\"qodef-e-word-holder\">Publications<\/span>\t<\/h1>\n<\/div>\n\t\t\t\t<\/div>\n\t\t\t\t<\/div>\n\t\t\t\t<\/div>\n\t\t\t\t\t<\/div>\n\t\t\t\t<\/div>\n\t\t<div class=\"elementor-element elementor-element-5036e0c e-flex e-con-boxed qodef-elementor-content-no e-con e-parent\" data-id=\"5036e0c\" data-element_type=\"container\" data-e-type=\"container\">\n\t\t\t\t\t<div class=\"e-con-inner\">\n\t\t<div class=\"elementor-element elementor-element-27f9815 e-con-full animated-slow e-flex qodef-elementor-content-no elementor-invisible e-con e-child\" data-id=\"27f9815\" data-element_type=\"container\" data-e-type=\"container\" data-settings=\"{&quot;animation&quot;:&quot;fadeIn&quot;,&quot;animation_delay&quot;:600}\">\n\t\t\t\t<div class=\"elementor-element elementor-element-4398f34 elementor-widget elementor-widget-heading\" data-id=\"4398f34\" data-element_type=\"widget\" data-e-type=\"widget\" data-widget_type=\"heading.default\">\n\t\t\t\t<div class=\"elementor-widget-container\">\n\t\t\t\t\t<h3 class=\"elementor-heading-title elementor-size-default\">Latest Journal Publications<\/h3>\t\t\t\t<\/div>\n\t\t\t\t<\/div>\n\t\t\t\t<div class=\"elementor-element elementor-element-8dbe760 elementor-widget elementor-widget-text-editor\" data-id=\"8dbe760\" data-element_type=\"widget\" data-e-type=\"widget\" data-widget_type=\"text-editor.default\">\n\t\t\t\t<div class=\"elementor-widget-container\">\n\t\t\t\t\t\t\t\t\t<p><strong>Bartosch, R.<\/strong> (2023). &#8220;Scale, Latency, Entanglements: Pathways to Climate Literacy through Creative Communications&#8221;. metaphorik 33 (special issue: Narratives and Metaphors for Sustainability: Perspectives for Teaching Language Subjects), 275-294. (Link to: <a href=\"https:\/\/www.wehrhahn-verlag.de\/public\/index.php?ID_Section=1&amp;ID_Product=1560)\" target=\"_blank\" rel=\"noopener\">https:\/\/www.wehrhahn-verlag.de\/public\/index.php?ID_Section=1&amp;ID_Product=1560)<\/a>   <\/p>\n<p><strong>Eusterbrock, L., Schmid, S. &amp; V\u00f6lker, J.<\/strong> (2024). &#8220;Musik \u2013 P\u00e4dagogik \u2013 Klimakrise. Eine Bestandsaufnahme \u00f6kologischer Musikp\u00e4dagogik und \u00dcberlegungen zur Wissenschaftskommunikation&#8221;. In J.-P. Koch, A. Niegot &amp; C. Rora (Hrsg.), Musik \u2013 Utopie \u2013 Bildung (Musikp\u00e4dagogik im Diskurs Bd. 6). D\u00fcren: Shaker. (Link zu: <a href=\"https:\/\/www.shaker.de\/de\/site\/content\/shop\/index.asp?lang=de&amp;ID=6&amp;category=641\" target=\"_blank\" rel=\"noopener\">https:\/\/www.shaker.de\/de\/site\/content\/shop\/index.asp?lang=de&amp;ID=6&amp;category=641<\/a>)<\/p>\n<p><strong>Eusterbrock, L.<\/strong> (2023). &#8220;Music Educators for Future: Wie k\u00f6nnte eine klimabewusste Musikp\u00e4dagogik aussehen?&#8221; Diskussion Musikp\u00e4dagogik 97, S. 45\u201357. (Link zu: <a href=\"https:\/\/www.researchgate.net\/publication\/369194845_Music_Educators_For_Future_Wie_konnte_eine_klimabewusste_Musikpadagogik_aussehen\" target=\"_blank\" rel=\"noopener\">https:\/\/www.researchgate.net\/publication\/369194845_Music_Educators_For_Future_Wie_konnte_eine_klimabewusste_Musikpadagogik_aussehen<\/a> )   <\/p>\n<p><strong>Eusterbrock, L.<\/strong> (2022). &#8220;Climate-conscious Popular Music Education: Theory and Practice&#8221;. Journal of Popular Music Education 6\/3, S. 385\u2013401. DOI: 10.1386\/jpme_00098_1. (Link zu: <a href=\"https:\/\/intellectdiscover.com\/content\/journals\/10.1386\/jpme_00098_1\" target=\"_blank\" rel=\"noopener\">https:\/\/intellectdiscover.com\/content\/journals\/10.1386\/jpme_00098_1<\/a>    <\/p>\n\t\t\t\t\t\t\t\t<\/div>\n\t\t\t\t<\/div>\n\t\t\t\t<\/div>\n\t\t<div class=\"elementor-element elementor-element-9a55f18 e-con-full e-flex qodef-elementor-content-no e-con e-child\" data-id=\"9a55f18\" data-element_type=\"container\" data-e-type=\"container\">\n\t\t\t\t<div class=\"elementor-element elementor-element-8000a86 elementor-widget elementor-widget-heading\" data-id=\"8000a86\" data-element_type=\"widget\" data-e-type=\"widget\" data-widget_type=\"heading.default\">\n\t\t\t\t<div class=\"elementor-widget-container\">\n\t\t\t\t\t<h2 class=\"elementor-heading-title elementor-size-default\">Book Chapters:<\/h2>\t\t\t\t<\/div>\n\t\t\t\t<\/div>\n\t\t\t\t<div class=\"elementor-element elementor-element-68d89d4 elementor-widget elementor-widget-qi_addons_for_elementor_clients_list\" data-id=\"68d89d4\" data-element_type=\"widget\" data-e-type=\"widget\" data-widget_type=\"qi_addons_for_elementor_clients_list.default\">\n\t\t\t\t<div class=\"elementor-widget-container\">\n\t\t\t\t\t<div class=\"qodef-shortcode qodef-m qodef-qi-clients-list qodef-border--no qodef--hover-scale qodef-title--hover-underline qodef-qi-grid qodef-layout--qi-columns qodef-col-num--3 qodef-responsive--custom qodef-col-num--1680--3 qodef-col-num--1440--3 qodef-col-num--1366--3 qodef-col-num--1024--3 qodef-col-num--768--2 qodef-col-num--680--2 qodef-col-num--480--2\">\n\t<div class=\"qodef-grid-inner\">\n\t\t<div class=\"qodef-e qodef-grid-item\">\n\t<div class=\"qodef-e-inner\">\n\t\t\t\t\t<a href=\"https:\/\/www.routledge.com\/Engaging-with-Environmental-Education-through-the-Language-Arts-Interdisciplinary-and-Creative-Approaches-to-Fostering-Ecoliteracy\/McGuinn-Naylor\/p\/book\/9781032615554?srsltid=AfmBOorf3YSDublYJseG6Zdw_ND3NL4sgkHpRANM_Md1jm73UH27FDPp\" target=\"_blank\" rel=\"noopener\">\n\t\t\t\t<div class=\"qodef-e-images-holder\">\n\t\t\t\t\t\t\t<div class=\"qodef-e-main-image\">\n\t\t\t\t\t<img fetchpriority=\"high\" decoding=\"async\" width=\"208\" height=\"300\" src=\"https:\/\/ecolit.cologne\/wp-content\/uploads\/2024\/10\/01_Engaging-with-Environmental-Education_cover-e1737570999781-208x300.jpg\" class=\"attachment-medium size-medium\" alt=\"\" srcset=\"https:\/\/ecolit.cologne\/wp-content\/uploads\/2024\/10\/01_Engaging-with-Environmental-Education_cover-e1737570999781-208x300.jpg 208w, https:\/\/ecolit.cologne\/wp-content\/uploads\/2024\/10\/01_Engaging-with-Environmental-Education_cover-e1737570999781.jpg 350w\" sizes=\"(max-width: 208px) 100vw, 208px\" \/>\t\t\t\t<\/div>\n\t\t\t\t\t\t\t\t<\/div>\n\t\t\t\t\t<\/a>\n\t\t\t\t\t<h4 class=\"qodef-e-title\">\n\t\t\t<a href=\"https:\/\/www.routledge.com\/Engaging-with-Environmental-Education-through-the-Language-Arts-Interdisciplinary-and-Creative-Approaches-to-Fostering-Ecoliteracy\/McGuinn-Naylor\/p\/book\/9781032615554?srsltid=AfmBOorf3YSDublYJseG6Zdw_ND3NL4sgkHpRANM_Md1jm73UH27FDPp\" target=\"_blank\" rel=\"noopener\">\n\t\t\tEngaging with Environmental Education through the Language Arts\t\t\t<\/a>\n\t\t<\/h4>\n\t\t\t<p class=\"qodef-e-text\">\n\t\t2025, Edited by Nicholas McGuinn and Amanda Naylor\t<\/p>\n\t\t\t<\/div>\n<\/div>\n<div class=\"qodef-e qodef-grid-item\">\n\t<div class=\"qodef-e-inner\">\n\t\t\t\t\t<a href=\"https:\/\/www.transcript-verlag.de\/978-3-8376-7066-0\/musik-und-klimawandel\/\" target=\"_blank\" rel=\"noopener\">\n\t\t\t\t<div class=\"qodef-e-images-holder\">\n\t\t\t\t\t\t\t<div class=\"qodef-e-main-image\">\n\t\t\t\t\t<img decoding=\"async\" width=\"205\" height=\"300\" src=\"https:\/\/ecolit.cologne\/wp-content\/uploads\/2024\/10\/02_Musik-und-Klimawandel_sw-scaled-e1737571019890-205x300.jpeg\" class=\"attachment-medium size-medium\" alt=\"\" srcset=\"https:\/\/ecolit.cologne\/wp-content\/uploads\/2024\/10\/02_Musik-und-Klimawandel_sw-scaled-e1737571019890-205x300.jpeg 205w, https:\/\/ecolit.cologne\/wp-content\/uploads\/2024\/10\/02_Musik-und-Klimawandel_sw-scaled-e1737571019890-698x1024.jpeg 698w, https:\/\/ecolit.cologne\/wp-content\/uploads\/2024\/10\/02_Musik-und-Klimawandel_sw-scaled-e1737571019890-768x1126.jpeg 768w, https:\/\/ecolit.cologne\/wp-content\/uploads\/2024\/10\/02_Musik-und-Klimawandel_sw-scaled-e1737571019890-1047x1536.jpeg 1047w, https:\/\/ecolit.cologne\/wp-content\/uploads\/2024\/10\/02_Musik-und-Klimawandel_sw-scaled-e1737571019890-1396x2048.jpeg 1396w, https:\/\/ecolit.cologne\/wp-content\/uploads\/2024\/10\/02_Musik-und-Klimawandel_sw-scaled-e1737571019890.jpeg 1684w\" sizes=\"(max-width: 205px) 100vw, 205px\" \/>\t\t\t\t<\/div>\n\t\t\t\t\t\t\t\t<\/div>\n\t\t\t\t\t<\/a>\n\t\t\t\t\t<h4 class=\"qodef-e-title\">\n\t\t\t<a href=\"https:\/\/www.transcript-verlag.de\/978-3-8376-7066-0\/musik-und-klimawandel\/\" target=\"_blank\" rel=\"noopener\">\n\t\t\tMusik und Klimawandel\t\t\t<\/a>\n\t\t<\/h4>\n\t\t\t<p class=\"qodef-e-text\">\n\t\t2025, Sara Beimdieke \/ Julian Caskel (eds.)\t<\/p>\n\t\t\t<\/div>\n<\/div>\n<div class=\"qodef-e qodef-grid-item\">\n\t<div class=\"qodef-e-inner\">\n\t\t\t\t\t<a href=\"https:\/\/www.studienverlag.at\/produkt\/6263\/futures-literacy\/\" target=\"_blank\" rel=\"noopener\">\n\t\t\t\t<div class=\"qodef-e-images-holder\">\n\t\t\t\t\t\t\t<div class=\"qodef-e-main-image\">\n\t\t\t\t\t<img decoding=\"async\" width=\"216\" height=\"300\" src=\"https:\/\/ecolit.cologne\/wp-content\/uploads\/2024\/10\/04_Futures-Literacy-Zukunft-lernen-und-lehren-216x300.jpg\" class=\"attachment-medium size-medium\" alt=\"\" srcset=\"https:\/\/ecolit.cologne\/wp-content\/uploads\/2024\/10\/04_Futures-Literacy-Zukunft-lernen-und-lehren-216x300.jpg 216w, https:\/\/ecolit.cologne\/wp-content\/uploads\/2024\/10\/04_Futures-Literacy-Zukunft-lernen-und-lehren-738x1024.jpg 738w, https:\/\/ecolit.cologne\/wp-content\/uploads\/2024\/10\/04_Futures-Literacy-Zukunft-lernen-und-lehren-768x1066.jpg 768w, https:\/\/ecolit.cologne\/wp-content\/uploads\/2024\/10\/04_Futures-Literacy-Zukunft-lernen-und-lehren.jpg 900w\" sizes=\"(max-width: 216px) 100vw, 216px\" \/>\t\t\t\t<\/div>\n\t\t\t\t\t\t\t\t<\/div>\n\t\t\t\t\t<\/a>\n\t\t\t\t\t<h4 class=\"qodef-e-title\">\n\t\t\t<a href=\"https:\/\/www.studienverlag.at\/produkt\/6263\/futures-literacy\/\" target=\"_blank\" rel=\"noopener\">\n\t\t\tFutures Literacy Zukunft lernen und lehren\t\t\t<\/a>\n\t\t<\/h4>\n\t\t\t<p class=\"qodef-e-text\">\n\t\t2023, Carmen Sippl, Gerhard Brandhofer and Erwin Rauscher\t<\/p>\n\t\t\t<\/div>\n<\/div>\n<div class=\"qodef-e qodef-grid-item\">\n\t<div class=\"qodef-e-inner\">\n\t\t\t\t\t<a href=\"https:\/\/www.routledge.com\/Taboos-and-Controversial-Issues-in-Foreign-Language-Education-Critical-Language-Pedagogy-in-Theory-Research-and-Practice\/Ludwig-Summer\/p\/book\/9781032116105?srsltid=AfmBOopxhuoT_ZXJoyWsgXmnL2_SuX8LYybf44v7MKhwgN6CPpSeGRiH\" target=\"_blank\" rel=\"noopener\">\n\t\t\t\t<div class=\"qodef-e-images-holder\">\n\t\t\t\t\t\t\t<div class=\"qodef-e-main-image\">\n\t\t\t\t\t<img loading=\"lazy\" decoding=\"async\" width=\"211\" height=\"300\" src=\"https:\/\/ecolit.cologne\/wp-content\/uploads\/2024\/10\/03_Taboos-and-Controversial-Issues-in-Foreign-Language-Education-e1737570725432-211x300.jpg\" class=\"attachment-medium size-medium\" alt=\"\" srcset=\"https:\/\/ecolit.cologne\/wp-content\/uploads\/2024\/10\/03_Taboos-and-Controversial-Issues-in-Foreign-Language-Education-e1737570725432-211x300.jpg 211w, https:\/\/ecolit.cologne\/wp-content\/uploads\/2024\/10\/03_Taboos-and-Controversial-Issues-in-Foreign-Language-Education-e1737570725432.jpg 350w\" sizes=\"(max-width: 211px) 100vw, 211px\" \/>\t\t\t\t<\/div>\n\t\t\t\t\t\t\t\t<\/div>\n\t\t\t\t\t<\/a>\n\t\t\t\t\t<h4 class=\"qodef-e-title\">\n\t\t\t<a href=\"https:\/\/www.routledge.com\/Taboos-and-Controversial-Issues-in-Foreign-Language-Education-Critical-Language-Pedagogy-in-Theory-Research-and-Practice\/Ludwig-Summer\/p\/book\/9781032116105?srsltid=AfmBOopxhuoT_ZXJoyWsgXmnL2_SuX8LYybf44v7MKhwgN6CPpSeGRiH\" target=\"_blank\" rel=\"noopener\">\n\t\t\tTaboos and Controversial Issues in Foreign Language Education\t\t\t<\/a>\n\t\t<\/h4>\n\t\t\t<p class=\"qodef-e-text\">\n\t\t2023, Edited by Christian Ludwig and Theresa Summer\t<\/p>\n\t\t\t<\/div>\n<\/div>\n\t<\/div>\n<\/div>\n\t\t\t\t<\/div>\n\t\t\t\t<\/div>\n\t\t\t\t<div class=\"elementor-element elementor-element-5dee8a9 elementor-widget elementor-widget-heading\" data-id=\"5dee8a9\" data-element_type=\"widget\" data-e-type=\"widget\" data-widget_type=\"heading.default\">\n\t\t\t\t<div class=\"elementor-widget-container\">\n\t\t\t\t\t<h2 class=\"elementor-heading-title elementor-size-default\">Book publications and editorships:<\/h2>\t\t\t\t<\/div>\n\t\t\t\t<\/div>\n\t\t\t\t<div class=\"elementor-element elementor-element-d715e7e elementor-widget elementor-widget-qi_addons_for_elementor_clients_list\" data-id=\"d715e7e\" data-element_type=\"widget\" data-e-type=\"widget\" data-widget_type=\"qi_addons_for_elementor_clients_list.default\">\n\t\t\t\t<div class=\"elementor-widget-container\">\n\t\t\t\t\t<div class=\"qodef-shortcode qodef-m qodef-qi-clients-list qodef-border--no qodef--hover-scale qodef-title--hover-underline qodef-qi-grid qodef-layout--qi-columns qodef-col-num--3 qodef-responsive--custom qodef-col-num--1680--3 qodef-col-num--1440--3 qodef-col-num--1366--3 qodef-col-num--1024--3 qodef-col-num--768--2 qodef-col-num--680--2 qodef-col-num--480--2\">\n\t<div class=\"qodef-grid-inner\">\n\t\t<div class=\"qodef-e qodef-grid-item\">\n\t<div class=\"qodef-e-inner\">\n\t\t\t\t\t<a href=\"https:\/\/www.cambridge.org\/core\/elements\/climate-change-literacy\/D256FE812AD61E90B6B5286B8F472580\" target=\"_blank\" rel=\"noopener\">\n\t\t\t\t<div class=\"qodef-e-images-holder\">\n\t\t\t\t\t\t\t<div class=\"qodef-e-main-image\">\n\t\t\t\t\t<img loading=\"lazy\" decoding=\"async\" width=\"210\" height=\"300\" src=\"https:\/\/ecolit.cologne\/wp-content\/uploads\/2021\/04\/cefaa85d-91ab-4a30-8be7-8f321e566fc4-210x300.jpg\" class=\"attachment-medium size-medium\" alt=\"\" srcset=\"https:\/\/ecolit.cologne\/wp-content\/uploads\/2021\/04\/cefaa85d-91ab-4a30-8be7-8f321e566fc4-210x300.jpg 210w, https:\/\/ecolit.cologne\/wp-content\/uploads\/2021\/04\/cefaa85d-91ab-4a30-8be7-8f321e566fc4.jpg 448w\" sizes=\"(max-width: 210px) 100vw, 210px\" \/>\t\t\t\t<\/div>\n\t\t\t\t\t\t\t\t<\/div>\n\t\t\t\t\t<\/a>\n\t\t\t\t\t<h4 class=\"qodef-e-title\">\n\t\t\t<a href=\"https:\/\/www.cambridge.org\/core\/elements\/climate-change-literacy\/D256FE812AD61E90B6B5286B8F472580\" target=\"_blank\" rel=\"noopener\">\n\t\t\tClimate Change Literacy\t\t\t<\/a>\n\t\t<\/h4>\n\t\t\t<p class=\"qodef-e-text\">\n\t\t2023, Julia Hoydis, Roman Bartosch\n and Jens Martin Gurr\t<\/p>\n\t\t\t<\/div>\n<\/div>\n<div class=\"qodef-e qodef-grid-item\">\n\t<div class=\"qodef-e-inner\">\n\t\t\t\t\t<a href=\"https:\/\/www.junker-verlag.com\/dmp-102\" target=\"_blank\" rel=\"noopener\">\n\t\t\t\t<div class=\"qodef-e-images-holder\">\n\t\t\t\t\t\t\t<div class=\"qodef-e-main-image\">\n\t\t\t\t\t<img loading=\"lazy\" decoding=\"async\" width=\"212\" height=\"300\" src=\"https:\/\/ecolit.cologne\/wp-content\/uploads\/2024\/10\/06_DMP-102_Oekologie-und-Klimakrise-212x300.webp\" class=\"attachment-medium size-medium\" alt=\"\" srcset=\"https:\/\/ecolit.cologne\/wp-content\/uploads\/2024\/10\/06_DMP-102_Oekologie-und-Klimakrise-212x300.webp 212w, https:\/\/ecolit.cologne\/wp-content\/uploads\/2024\/10\/06_DMP-102_Oekologie-und-Klimakrise.webp 480w\" sizes=\"(max-width: 212px) 100vw, 212px\" \/>\t\t\t\t<\/div>\n\t\t\t\t\t\t\t\t<\/div>\n\t\t\t\t\t<\/a>\n\t\t\t\t\t<h4 class=\"qodef-e-title\">\n\t\t\t<a href=\"https:\/\/www.junker-verlag.com\/dmp-102\" target=\"_blank\" rel=\"noopener\">\n\t\t\t\u00d6kologie und Klimakrise\t\t\t<\/a>\n\t\t<\/h4>\n\t\t\t<p class=\"qodef-e-text\">\n\t\t2024, Discussion Music Education - DMP 102\t<\/p>\n\t\t\t<\/div>\n<\/div>\n<div class=\"qodef-e qodef-grid-item\">\n\t<div class=\"qodef-e-inner\">\n\t\t\t\t\t<a href=\"https:\/\/www.transcript-verlag.de\/978-3-8376-6667-0\/it-s-how-you-flip-it\/?c=313000000\" target=\"_blank\" rel=\"noopener\">\n\t\t\t\t<div class=\"qodef-e-images-holder\">\n\t\t\t\t\t\t\t<div class=\"qodef-e-main-image\">\n\t\t\t\t\t<img loading=\"lazy\" decoding=\"async\" width=\"198\" height=\"300\" src=\"https:\/\/ecolit.cologne\/wp-content\/uploads\/2024\/10\/07_Its-how-you-flip-it-198x300.jpg\" class=\"attachment-medium size-medium\" alt=\"\" srcset=\"https:\/\/ecolit.cologne\/wp-content\/uploads\/2024\/10\/07_Its-how-you-flip-it-198x300.jpg 198w, https:\/\/ecolit.cologne\/wp-content\/uploads\/2024\/10\/07_Its-how-you-flip-it.jpg 395w\" sizes=\"(max-width: 198px) 100vw, 198px\" \/>\t\t\t\t<\/div>\n\t\t\t\t\t\t\t\t<\/div>\n\t\t\t\t\t<\/a>\n\t\t\t\t\t<h4 class=\"qodef-e-title\">\n\t\t\t<a href=\"https:\/\/www.transcript-verlag.de\/978-3-8376-6667-0\/it-s-how-you-flip-it\/?c=313000000\" target=\"_blank\" rel=\"noopener\">\n\t\t\tIt&#039;s How You Flip It  \t\t\t<\/a>\n\t\t<\/h4>\n\t\t\t<p class=\"qodef-e-text\">\n\t\t2024, Linus Eusterbrock, Chris Kattenbeck and Oliver Kautny (Eds.)\t<\/p>\n\t\t\t<\/div>\n<\/div>\n\t<\/div>\n<\/div>\n\t\t\t\t<\/div>\n\t\t\t\t<\/div>\n\t\t\t\t<\/div>\n\t\t\t\t\t<\/div>\n\t\t\t\t<\/div>\n\t\t\t\t<\/div>\n\t\t","protected":false},"excerpt":{"rendered":"<p>Publications Latest Journal Publications Bartosch, R. (2023). &#8220;Scale, Latency, Entanglements: Pathways to Climate Literacy through Creative Communications&#8221;. metaphorik 33 (special issue: Narratives and Metaphors for Sustainability: Perspectives for Teaching Language Subjects), 275-294. (Link to: https:\/\/www.wehrhahn-verlag.de\/public\/index.php?ID_Section=1&amp;ID_Product=1560) Eusterbrock, L., Schmid, S. &amp; V\u00f6lker, J. (2024). &#8220;Musik \u2013 P\u00e4dagogik \u2013 Klimakrise. Eine Bestandsaufnahme \u00f6kologischer Musikp\u00e4dagogik und \u00dcberlegungen zur [&hellip;]<\/p>\n","protected":false},"author":1,"featured_media":0,"parent":0,"menu_order":0,"comment_status":"closed","ping_status":"closed","template":"","meta":{"_acf_changed":false,"footnotes":""},"class_list":["post-9800","page","type-page","status-publish","hentry"],"acf":[],"_links":{"self":[{"href":"https:\/\/ecolit.cologne\/en\/wp-json\/wp\/v2\/pages\/9800","targetHints":{"allow":["GET"]}}],"collection":[{"href":"https:\/\/ecolit.cologne\/en\/wp-json\/wp\/v2\/pages"}],"about":[{"href":"https:\/\/ecolit.cologne\/en\/wp-json\/wp\/v2\/types\/page"}],"author":[{"embeddable":true,"href":"https:\/\/ecolit.cologne\/en\/wp-json\/wp\/v2\/users\/1"}],"replies":[{"embeddable":true,"href":"https:\/\/ecolit.cologne\/en\/wp-json\/wp\/v2\/comments?post=9800"}],"version-history":[{"count":6,"href":"https:\/\/ecolit.cologne\/en\/wp-json\/wp\/v2\/pages\/9800\/revisions"}],"predecessor-version":[{"id":10668,"href":"https:\/\/ecolit.cologne\/en\/wp-json\/wp\/v2\/pages\/9800\/revisions\/10668"}],"wp:attachment":[{"href":"https:\/\/ecolit.cologne\/en\/wp-json\/wp\/v2\/media?parent=9800"}],"curies":[{"name":"wp","href":"https:\/\/api.w.org\/{rel}","templated":true}]}}